{"id":20176,"date":"2024-04-15T17:09:49","date_gmt":"2024-04-15T15:09:49","guid":{"rendered":"https:\/\/allopicnic.com\/?post_type=faq&#038;p=20176"},"modified":"2024-04-16T10:53:15","modified_gmt":"2024-04-16T08:53:15","slug":"comment-les-repas-sont-ils-emballes","status":"publish","type":"faq","link":"https:\/\/allopicnic.com\/en\/faq\/comment-les-repas-sont-ils-emballes\/","title":{"rendered":"Comment les repas sont-ils emball\u00e9s ?"},"content":{"rendered":"\n<p>Notre objectif est de garantir que vos repas arrivent en parfait \u00e9tat et qu&#8217;ils soient faciles \u00e0 distribuer, \u00e0 stocker et \u00e0 transporter. Voici comment nous proc\u00e9dons pour l&#8217;emballage :<\/p>\n\n\n\n<ol class=\"wp-block-list\">\n<li><strong>Emballage individuel :<\/strong> Chaque panier repas est emball\u00e9 individuellement pour faciliter sa distribution une fois sur place. Cela permet \u00e0 chaque participant de recevoir son repas rapidement et en toute simplicit\u00e9.<\/li>\n\n\n\n<li><strong>Regroupement en cartons :<\/strong> Pour assurer un transport ais\u00e9 et une organisation optimale, nous regroupons les paniers par douze dans des cartons solides. Cela facilite \u00e9galement le rangement des repas dans des espaces restreints, tels que la soute d\u2019un autocar.<\/li>\n\n\n\n<li><strong>Identification des besoins sp\u00e9ciaux :<\/strong> Les paniers destin\u00e9s aux personnes souffrant d\u2019allergies ou d\u2019intol\u00e9rances alimentaires sont emball\u00e9s dans des sacs de couleur diff\u00e9rente. Cette m\u00e9thode permet une identification rapide et \u00e9vite toute confusion lors de la distribution des repas.<\/li>\n<\/ol>\n\n\n\n<p>Ces m\u00e9thodes d\u2019emballage sont con\u00e7ues pour assurer que vos repas soient non seulement d\u00e9licieux mais aussi pratiques \u00e0 manipuler, quel que soit le lieu de votre \u00e9v\u00e9nement.<\/p>\n","protected":false},"template":"","faq-cat":[230],"class_list":["post-20176","faq","type-faq","status-publish","hentry","faq-cat-commande"],"yoast_head":"<!-- This site is optimized with the Yoast SEO plugin v27.5 - https:\/\/yoast.com\/product\/yoast-seo-wordpress\/ -->\n<title>Comment les repas sont-ils emball\u00e9s ? - ALLOPICNIC<\/title>\n<meta name=\"robots\" content=\"index, follow, max-snippet:-1, max-image-preview:large, max-video-preview:-1\" \/>\n<link rel=\"canonical\" href=\"https:\/\/allopicnic.com\/en\/faq\/comment-les-repas-sont-ils-emballes\/\" \/>\n<meta property=\"og:locale\" content=\"en_US\" \/>\n<meta property=\"og:type\" content=\"article\" \/>\n<meta property=\"og:title\" content=\"Comment les repas sont-ils emball\u00e9s ? - ALLOPICNIC\" \/>\n<meta property=\"og:description\" content=\"Notre objectif est de garantir que vos repas arrivent en parfait \u00e9tat et qu&#8217;ils soient faciles \u00e0 distribuer, \u00e0 stocker...\" \/>\n<meta property=\"og:url\" content=\"https:\/\/allopicnic.com\/en\/faq\/comment-les-repas-sont-ils-emballes\/\" \/>\n<meta property=\"og:site_name\" content=\"ALLOPICNIC\" \/>\n<meta property=\"article:modified_time\" content=\"2024-04-16T08:53:15+00:00\" \/>\n<meta property=\"og:image\" content=\"https:\/\/allopicnic.com\/wp-content\/uploads\/2024\/11\/Les-paniers-repas-de-groupes.jpg\" \/>\n\t<meta property=\"og:image:width\" content=\"1920\" \/>\n\t<meta property=\"og:image:height\" content=\"1080\" \/>\n\t<meta property=\"og:image:type\" content=\"image\/jpeg\" \/>\n<meta name=\"twitter:card\" content=\"summary_large_image\" \/>\n<meta name=\"twitter:label1\" content=\"Est. reading time\" \/>\n\t<meta name=\"twitter:data1\" content=\"1 minute\" \/>\n<script type=\"application\/ld+json\" class=\"yoast-schema-graph\">{\"@context\":\"https:\\\/\\\/schema.org\",\"@graph\":[{\"@type\":\"WebPage\",\"@id\":\"https:\\\/\\\/allopicnic.com\\\/en\\\/faq\\\/comment-les-repas-sont-ils-emballes\\\/\",\"url\":\"https:\\\/\\\/allopicnic.com\\\/en\\\/faq\\\/comment-les-repas-sont-ils-emballes\\\/\",\"name\":\"Comment les repas sont-ils emball\u00e9s ? - ALLOPICNIC\",\"isPartOf\":{\"@id\":\"https:\\\/\\\/allopicnic.com\\\/en\\\/#website\"},\"datePublished\":\"2024-04-15T15:09:49+00:00\",\"dateModified\":\"2024-04-16T08:53:15+00:00\",\"breadcrumb\":{\"@id\":\"https:\\\/\\\/allopicnic.com\\\/en\\\/faq\\\/comment-les-repas-sont-ils-emballes\\\/#breadcrumb\"},\"inLanguage\":\"en-US\",\"potentialAction\":[{\"@type\":\"ReadAction\",\"target\":[\"https:\\\/\\\/allopicnic.com\\\/en\\\/faq\\\/comment-les-repas-sont-ils-emballes\\\/\"]}]},{\"@type\":\"BreadcrumbList\",\"@id\":\"https:\\\/\\\/allopicnic.com\\\/en\\\/faq\\\/comment-les-repas-sont-ils-emballes\\\/#breadcrumb\",\"itemListElement\":[{\"@type\":\"ListItem\",\"position\":1,\"name\":\"Accueil\",\"item\":\"https:\\\/\\\/allopicnic.com\\\/en\\\/home\\\/\"},{\"@type\":\"ListItem\",\"position\":2,\"name\":\"FAQ\",\"item\":\"https:\\\/\\\/allopicnic.com\\\/en\\\/faq\\\/\"},{\"@type\":\"ListItem\",\"position\":3,\"name\":\"Comment les repas sont-ils emball\u00e9s ?\"}]},{\"@type\":\"WebSite\",\"@id\":\"https:\\\/\\\/allopicnic.com\\\/en\\\/#website\",\"url\":\"https:\\\/\\\/allopicnic.com\\\/en\\\/\",\"name\":\"ALLOPICNIC\",\"description\":\"Paniers repas pour les groupes  - Paris et IDF\",\"publisher\":{\"@id\":\"https:\\\/\\\/allopicnic.com\\\/en\\\/#organization\"},\"potentialAction\":[{\"@type\":\"SearchAction\",\"target\":{\"@type\":\"EntryPoint\",\"urlTemplate\":\"https:\\\/\\\/allopicnic.com\\\/en\\\/?s={search_term_string}\"},\"query-input\":{\"@type\":\"PropertyValueSpecification\",\"valueRequired\":true,\"valueName\":\"search_term_string\"}}],\"inLanguage\":\"en-US\"},{\"@type\":\"Organization\",\"@id\":\"https:\\\/\\\/allopicnic.com\\\/en\\\/#organization\",\"name\":\"ALLOPICNIC\",\"url\":\"https:\\\/\\\/allopicnic.com\\\/en\\\/\",\"logo\":{\"@type\":\"ImageObject\",\"inLanguage\":\"en-US\",\"@id\":\"https:\\\/\\\/allopicnic.com\\\/en\\\/#\\\/schema\\\/logo\\\/image\\\/\",\"url\":\"https:\\\/\\\/allopicnic.com\\\/wp-content\\\/uploads\\\/2021\\\/11\\\/favicon-allopicnic.png\",\"contentUrl\":\"https:\\\/\\\/allopicnic.com\\\/wp-content\\\/uploads\\\/2021\\\/11\\\/favicon-allopicnic.png\",\"width\":1114,\"height\":1114,\"caption\":\"ALLOPICNIC\"},\"image\":{\"@id\":\"https:\\\/\\\/allopicnic.com\\\/en\\\/#\\\/schema\\\/logo\\\/image\\\/\"}}]}<\/script>\n<!-- \/ Yoast SEO plugin. -->","yoast_head_json":{"title":"Comment les repas sont-ils emball\u00e9s ? - ALLOPICNIC","robots":{"index":"index","follow":"follow","max-snippet":"max-snippet:-1","max-image-preview":"max-image-preview:large","max-video-preview":"max-video-preview:-1"},"canonical":"https:\/\/allopicnic.com\/en\/faq\/comment-les-repas-sont-ils-emballes\/","og_locale":"en_US","og_type":"article","og_title":"Comment les repas sont-ils emball\u00e9s ? - ALLOPICNIC","og_description":"Notre objectif est de garantir que vos repas arrivent en parfait \u00e9tat et qu&#8217;ils soient faciles \u00e0 distribuer, \u00e0 stocker...","og_url":"https:\/\/allopicnic.com\/en\/faq\/comment-les-repas-sont-ils-emballes\/","og_site_name":"ALLOPICNIC","article_modified_time":"2024-04-16T08:53:15+00:00","og_image":[{"width":1920,"height":1080,"url":"https:\/\/allopicnic.com\/wp-content\/uploads\/2024\/11\/Les-paniers-repas-de-groupes.jpg","type":"image\/jpeg"}],"twitter_card":"summary_large_image","twitter_misc":{"Est. reading time":"1 minute"},"schema":{"@context":"https:\/\/schema.org","@graph":[{"@type":"WebPage","@id":"https:\/\/allopicnic.com\/en\/faq\/comment-les-repas-sont-ils-emballes\/","url":"https:\/\/allopicnic.com\/en\/faq\/comment-les-repas-sont-ils-emballes\/","name":"Comment les repas sont-ils emball\u00e9s ? - ALLOPICNIC","isPartOf":{"@id":"https:\/\/allopicnic.com\/en\/#website"},"datePublished":"2024-04-15T15:09:49+00:00","dateModified":"2024-04-16T08:53:15+00:00","breadcrumb":{"@id":"https:\/\/allopicnic.com\/en\/faq\/comment-les-repas-sont-ils-emballes\/#breadcrumb"},"inLanguage":"en-US","potentialAction":[{"@type":"ReadAction","target":["https:\/\/allopicnic.com\/en\/faq\/comment-les-repas-sont-ils-emballes\/"]}]},{"@type":"BreadcrumbList","@id":"https:\/\/allopicnic.com\/en\/faq\/comment-les-repas-sont-ils-emballes\/#breadcrumb","itemListElement":[{"@type":"ListItem","position":1,"name":"Accueil","item":"https:\/\/allopicnic.com\/en\/home\/"},{"@type":"ListItem","position":2,"name":"FAQ","item":"https:\/\/allopicnic.com\/en\/faq\/"},{"@type":"ListItem","position":3,"name":"Comment les repas sont-ils emball\u00e9s ?"}]},{"@type":"WebSite","@id":"https:\/\/allopicnic.com\/en\/#website","url":"https:\/\/allopicnic.com\/en\/","name":"ALLOPICNIC","description":"Paniers repas pour les groupes  - Paris et IDF","publisher":{"@id":"https:\/\/allopicnic.com\/en\/#organization"},"potentialAction":[{"@type":"SearchAction","target":{"@type":"EntryPoint","urlTemplate":"https:\/\/allopicnic.com\/en\/?s={search_term_string}"},"query-input":{"@type":"PropertyValueSpecification","valueRequired":true,"valueName":"search_term_string"}}],"inLanguage":"en-US"},{"@type":"Organization","@id":"https:\/\/allopicnic.com\/en\/#organization","name":"ALLOPICNIC","url":"https:\/\/allopicnic.com\/en\/","logo":{"@type":"ImageObject","inLanguage":"en-US","@id":"https:\/\/allopicnic.com\/en\/#\/schema\/logo\/image\/","url":"https:\/\/allopicnic.com\/wp-content\/uploads\/2021\/11\/favicon-allopicnic.png","contentUrl":"https:\/\/allopicnic.com\/wp-content\/uploads\/2021\/11\/favicon-allopicnic.png","width":1114,"height":1114,"caption":"ALLOPICNIC"},"image":{"@id":"https:\/\/allopicnic.com\/en\/#\/schema\/logo\/image\/"}}]}},"jetpack_sharing_enabled":true,"_links":{"self":[{"href":"https:\/\/allopicnic.com\/en\/wp-json\/wp\/v2\/faq\/20176","targetHints":{"allow":["GET"]}}],"collection":[{"href":"https:\/\/allopicnic.com\/en\/wp-json\/wp\/v2\/faq"}],"about":[{"href":"https:\/\/allopicnic.com\/en\/wp-json\/wp\/v2\/types\/faq"}],"version-history":[{"count":2,"href":"https:\/\/allopicnic.com\/en\/wp-json\/wp\/v2\/faq\/20176\/revisions"}],"predecessor-version":[{"id":20281,"href":"https:\/\/allopicnic.com\/en\/wp-json\/wp\/v2\/faq\/20176\/revisions\/20281"}],"wp:attachment":[{"href":"https:\/\/allopicnic.com\/en\/wp-json\/wp\/v2\/media?parent=20176"}],"wp:term":[{"taxonomy":"faq-cat","embeddable":true,"href":"https:\/\/allopicnic.com\/en\/wp-json\/wp\/v2\/faq-cat?post=20176"}],"curies":[{"name":"wp","href":"https:\/\/api.w.org\/{rel}","templated":true}]}}