{"id":20178,"date":"2024-04-15T17:11:57","date_gmt":"2024-04-15T15:11:57","guid":{"rendered":"https:\/\/allopicnic.com\/?post_type=faq&#038;p=20178"},"modified":"2024-04-16T10:53:09","modified_gmt":"2024-04-16T08:53:09","slug":"peut-on-personnaliser-les-commandes-de-groupe","status":"publish","type":"faq","link":"https:\/\/allopicnic.com\/en\/faq\/peut-on-personnaliser-les-commandes-de-groupe\/","title":{"rendered":"Peut-on personnaliser les commandes de groupe ?"},"content":{"rendered":"\n<p>Nous proposons un menu unique pour simplifier la distribution des repas et assurer une exp\u00e9rience \u00e9quitable et agr\u00e9able pour tous les membres du groupe. Voici comment nous g\u00e9rons la personnalisation :<\/p>\n\n\n\n<ol class=\"wp-block-list\">\n<li><strong>Menu unique :<\/strong> Choisir un menu unique pour tous les participants facilite la logistique et \u00e9vite les complications lors de la distribution, assurant ainsi que personne ne se sente l\u00e9s\u00e9.<\/li>\n\n\n\n<li><strong>Adaptation aux r\u00e9gimes sp\u00e9ciaux :<\/strong> Nous comprenons l&#8217;importance de r\u00e9pondre aux besoins alimentaires de chacun. C&#8217;est pourquoi nous offrons des options adapt\u00e9es aux r\u00e9gimes sp\u00e9ciaux. Nous pr\u00e9parons, par exemple, des paniers repas halal, sans gluten, sans lactose, v\u00e9g\u00e9tariens, vegan, ou sans traces de fruits \u00e0 coque pour ceux qui en ont besoin.<\/li>\n<\/ol>\n\n\n\n<p>En optant pour cette approche, nous pouvons garantir non seulement l&#8217;uniformit\u00e9 et la facilit\u00e9 de distribution des repas lors de vos \u00e9v\u00e9nements, mais aussi respecter les diverses exigences alimentaires de vos participants. Cette strat\u00e9gie assure une satisfaction g\u00e9n\u00e9rale tout en prenant en compte les besoins sp\u00e9cifiques de chacun.<\/p>\n","protected":false},"template":"","faq-cat":[230],"class_list":["post-20178","faq","type-faq","status-publish","hentry","faq-cat-commande"],"yoast_head":"<!-- This site is optimized with the Yoast SEO plugin v27.5 - https:\/\/yoast.com\/product\/yoast-seo-wordpress\/ -->\n<title>Peut-on personnaliser les commandes de groupe ? - ALLOPICNIC<\/title>\n<meta name=\"robots\" content=\"index, follow, max-snippet:-1, max-image-preview:large, max-video-preview:-1\" \/>\n<link rel=\"canonical\" href=\"https:\/\/allopicnic.com\/en\/faq\/peut-on-personnaliser-les-commandes-de-groupe\/\" \/>\n<meta property=\"og:locale\" content=\"en_US\" \/>\n<meta property=\"og:type\" content=\"article\" \/>\n<meta property=\"og:title\" content=\"Peut-on personnaliser les commandes de groupe ? - ALLOPICNIC\" \/>\n<meta property=\"og:description\" content=\"Nous proposons un menu unique pour simplifier la distribution des repas et assurer une exp\u00e9rience \u00e9quitable et agr\u00e9able pour tous...\" \/>\n<meta property=\"og:url\" content=\"https:\/\/allopicnic.com\/en\/faq\/peut-on-personnaliser-les-commandes-de-groupe\/\" \/>\n<meta property=\"og:site_name\" content=\"ALLOPICNIC\" \/>\n<meta property=\"article:modified_time\" content=\"2024-04-16T08:53:09+00:00\" \/>\n<meta property=\"og:image\" content=\"https:\/\/allopicnic.com\/wp-content\/uploads\/2024\/11\/Les-paniers-repas-de-groupes.jpg\" \/>\n\t<meta property=\"og:image:width\" content=\"1920\" \/>\n\t<meta property=\"og:image:height\" content=\"1080\" \/>\n\t<meta property=\"og:image:type\" content=\"image\/jpeg\" \/>\n<meta name=\"twitter:card\" content=\"summary_large_image\" \/>\n<meta name=\"twitter:label1\" content=\"Est. reading time\" \/>\n\t<meta name=\"twitter:data1\" content=\"1 minute\" \/>\n<script type=\"application\/ld+json\" class=\"yoast-schema-graph\">{\"@context\":\"https:\\\/\\\/schema.org\",\"@graph\":[{\"@type\":\"WebPage\",\"@id\":\"https:\\\/\\\/allopicnic.com\\\/en\\\/faq\\\/peut-on-personnaliser-les-commandes-de-groupe\\\/\",\"url\":\"https:\\\/\\\/allopicnic.com\\\/en\\\/faq\\\/peut-on-personnaliser-les-commandes-de-groupe\\\/\",\"name\":\"Peut-on personnaliser les commandes de groupe ? - ALLOPICNIC\",\"isPartOf\":{\"@id\":\"https:\\\/\\\/allopicnic.com\\\/en\\\/#website\"},\"datePublished\":\"2024-04-15T15:11:57+00:00\",\"dateModified\":\"2024-04-16T08:53:09+00:00\",\"breadcrumb\":{\"@id\":\"https:\\\/\\\/allopicnic.com\\\/en\\\/faq\\\/peut-on-personnaliser-les-commandes-de-groupe\\\/#breadcrumb\"},\"inLanguage\":\"en-US\",\"potentialAction\":[{\"@type\":\"ReadAction\",\"target\":[\"https:\\\/\\\/allopicnic.com\\\/en\\\/faq\\\/peut-on-personnaliser-les-commandes-de-groupe\\\/\"]}]},{\"@type\":\"BreadcrumbList\",\"@id\":\"https:\\\/\\\/allopicnic.com\\\/en\\\/faq\\\/peut-on-personnaliser-les-commandes-de-groupe\\\/#breadcrumb\",\"itemListElement\":[{\"@type\":\"ListItem\",\"position\":1,\"name\":\"Accueil\",\"item\":\"https:\\\/\\\/allopicnic.com\\\/en\\\/home\\\/\"},{\"@type\":\"ListItem\",\"position\":2,\"name\":\"FAQ\",\"item\":\"https:\\\/\\\/allopicnic.com\\\/en\\\/faq\\\/\"},{\"@type\":\"ListItem\",\"position\":3,\"name\":\"Peut-on personnaliser les commandes de groupe ?\"}]},{\"@type\":\"WebSite\",\"@id\":\"https:\\\/\\\/allopicnic.com\\\/en\\\/#website\",\"url\":\"https:\\\/\\\/allopicnic.com\\\/en\\\/\",\"name\":\"ALLOPICNIC\",\"description\":\"Paniers repas pour les groupes  - Paris et IDF\",\"publisher\":{\"@id\":\"https:\\\/\\\/allopicnic.com\\\/en\\\/#organization\"},\"potentialAction\":[{\"@type\":\"SearchAction\",\"target\":{\"@type\":\"EntryPoint\",\"urlTemplate\":\"https:\\\/\\\/allopicnic.com\\\/en\\\/?s={search_term_string}\"},\"query-input\":{\"@type\":\"PropertyValueSpecification\",\"valueRequired\":true,\"valueName\":\"search_term_string\"}}],\"inLanguage\":\"en-US\"},{\"@type\":\"Organization\",\"@id\":\"https:\\\/\\\/allopicnic.com\\\/en\\\/#organization\",\"name\":\"ALLOPICNIC\",\"url\":\"https:\\\/\\\/allopicnic.com\\\/en\\\/\",\"logo\":{\"@type\":\"ImageObject\",\"inLanguage\":\"en-US\",\"@id\":\"https:\\\/\\\/allopicnic.com\\\/en\\\/#\\\/schema\\\/logo\\\/image\\\/\",\"url\":\"https:\\\/\\\/allopicnic.com\\\/wp-content\\\/uploads\\\/2021\\\/11\\\/favicon-allopicnic.png\",\"contentUrl\":\"https:\\\/\\\/allopicnic.com\\\/wp-content\\\/uploads\\\/2021\\\/11\\\/favicon-allopicnic.png\",\"width\":1114,\"height\":1114,\"caption\":\"ALLOPICNIC\"},\"image\":{\"@id\":\"https:\\\/\\\/allopicnic.com\\\/en\\\/#\\\/schema\\\/logo\\\/image\\\/\"}}]}<\/script>\n<!-- \/ Yoast SEO plugin. -->","yoast_head_json":{"title":"Peut-on personnaliser les commandes de groupe ? - ALLOPICNIC","robots":{"index":"index","follow":"follow","max-snippet":"max-snippet:-1","max-image-preview":"max-image-preview:large","max-video-preview":"max-video-preview:-1"},"canonical":"https:\/\/allopicnic.com\/en\/faq\/peut-on-personnaliser-les-commandes-de-groupe\/","og_locale":"en_US","og_type":"article","og_title":"Peut-on personnaliser les commandes de groupe ? - ALLOPICNIC","og_description":"Nous proposons un menu unique pour simplifier la distribution des repas et assurer une exp\u00e9rience \u00e9quitable et agr\u00e9able pour tous...","og_url":"https:\/\/allopicnic.com\/en\/faq\/peut-on-personnaliser-les-commandes-de-groupe\/","og_site_name":"ALLOPICNIC","article_modified_time":"2024-04-16T08:53:09+00:00","og_image":[{"width":1920,"height":1080,"url":"https:\/\/allopicnic.com\/wp-content\/uploads\/2024\/11\/Les-paniers-repas-de-groupes.jpg","type":"image\/jpeg"}],"twitter_card":"summary_large_image","twitter_misc":{"Est. reading time":"1 minute"},"schema":{"@context":"https:\/\/schema.org","@graph":[{"@type":"WebPage","@id":"https:\/\/allopicnic.com\/en\/faq\/peut-on-personnaliser-les-commandes-de-groupe\/","url":"https:\/\/allopicnic.com\/en\/faq\/peut-on-personnaliser-les-commandes-de-groupe\/","name":"Peut-on personnaliser les commandes de groupe ? - ALLOPICNIC","isPartOf":{"@id":"https:\/\/allopicnic.com\/en\/#website"},"datePublished":"2024-04-15T15:11:57+00:00","dateModified":"2024-04-16T08:53:09+00:00","breadcrumb":{"@id":"https:\/\/allopicnic.com\/en\/faq\/peut-on-personnaliser-les-commandes-de-groupe\/#breadcrumb"},"inLanguage":"en-US","potentialAction":[{"@type":"ReadAction","target":["https:\/\/allopicnic.com\/en\/faq\/peut-on-personnaliser-les-commandes-de-groupe\/"]}]},{"@type":"BreadcrumbList","@id":"https:\/\/allopicnic.com\/en\/faq\/peut-on-personnaliser-les-commandes-de-groupe\/#breadcrumb","itemListElement":[{"@type":"ListItem","position":1,"name":"Accueil","item":"https:\/\/allopicnic.com\/en\/home\/"},{"@type":"ListItem","position":2,"name":"FAQ","item":"https:\/\/allopicnic.com\/en\/faq\/"},{"@type":"ListItem","position":3,"name":"Peut-on personnaliser les commandes de groupe ?"}]},{"@type":"WebSite","@id":"https:\/\/allopicnic.com\/en\/#website","url":"https:\/\/allopicnic.com\/en\/","name":"ALLOPICNIC","description":"Paniers repas pour les groupes  - Paris et IDF","publisher":{"@id":"https:\/\/allopicnic.com\/en\/#organization"},"potentialAction":[{"@type":"SearchAction","target":{"@type":"EntryPoint","urlTemplate":"https:\/\/allopicnic.com\/en\/?s={search_term_string}"},"query-input":{"@type":"PropertyValueSpecification","valueRequired":true,"valueName":"search_term_string"}}],"inLanguage":"en-US"},{"@type":"Organization","@id":"https:\/\/allopicnic.com\/en\/#organization","name":"ALLOPICNIC","url":"https:\/\/allopicnic.com\/en\/","logo":{"@type":"ImageObject","inLanguage":"en-US","@id":"https:\/\/allopicnic.com\/en\/#\/schema\/logo\/image\/","url":"https:\/\/allopicnic.com\/wp-content\/uploads\/2021\/11\/favicon-allopicnic.png","contentUrl":"https:\/\/allopicnic.com\/wp-content\/uploads\/2021\/11\/favicon-allopicnic.png","width":1114,"height":1114,"caption":"ALLOPICNIC"},"image":{"@id":"https:\/\/allopicnic.com\/en\/#\/schema\/logo\/image\/"}}]}},"jetpack_sharing_enabled":true,"_links":{"self":[{"href":"https:\/\/allopicnic.com\/en\/wp-json\/wp\/v2\/faq\/20178","targetHints":{"allow":["GET"]}}],"collection":[{"href":"https:\/\/allopicnic.com\/en\/wp-json\/wp\/v2\/faq"}],"about":[{"href":"https:\/\/allopicnic.com\/en\/wp-json\/wp\/v2\/types\/faq"}],"version-history":[{"count":2,"href":"https:\/\/allopicnic.com\/en\/wp-json\/wp\/v2\/faq\/20178\/revisions"}],"predecessor-version":[{"id":20280,"href":"https:\/\/allopicnic.com\/en\/wp-json\/wp\/v2\/faq\/20178\/revisions\/20280"}],"wp:attachment":[{"href":"https:\/\/allopicnic.com\/en\/wp-json\/wp\/v2\/media?parent=20178"}],"wp:term":[{"taxonomy":"faq-cat","embeddable":true,"href":"https:\/\/allopicnic.com\/en\/wp-json\/wp\/v2\/faq-cat?post=20178"}],"curies":[{"name":"wp","href":"https:\/\/api.w.org\/{rel}","templated":true}]}}